{"id":334,"date":"2020-09-01T11:28:34","date_gmt":"2020-09-01T11:28:34","guid":{"rendered":"http:\/\/fahrschule-kdl.com\/?page_id=334"},"modified":"2020-09-01T11:32:48","modified_gmt":"2020-09-01T11:32:48","slug":"motorrad-fahrschueler-info","status":"publish","type":"page","link":"http:\/\/fahrschule-kdl.com\/?page_id=334","title":{"rendered":"Motorrad Fahrsch\u00fcler Info"},"content":{"rendered":"<div class=\"flex_column av_one_full  flex_column_div av-zero-column-padding first  avia-builder-el-0  el_before_av_hr  avia-builder-el-first  \" style='border-radius:0px; '><section class=\"av_textblock_section \"  itemscope=\"itemscope\" itemtype=\"https:\/\/schema.org\/CreativeWork\" ><div class='avia_textblock  '   itemprop=\"text\" ><p><strong>Wichtige Infos f\u00fcr\u00a0Motorrad-Fahrsch\u00fcler<\/strong><\/p>\n<p>Die Ausbildung f\u00fcr Motorradfahrer findet in den Monaten Oktober bis Ostern nur eingeschr\u00e4nkt statt. Der T\u00fcV nimmt keine Pr\u00fcfungen bei unter f\u00fcnf Grad Au\u00dfentemperatur oder 10 Grad und Regen ab. Wir behalten uns f\u00fcr diesen Zeitraum vor, auch Fahrstunden bei widrigen Witterungsbedingungen abzusagen. Wenn der Fahrsch\u00fcler trotzdem Fahrstunden nehmen m\u00f6chte und diese dann aufgrund von Wetter und Temperatur abgesagt werden m\u00fcssen, werden diese als Fehlstunde berechnet.<\/p>\n<p>Ganz wichtig ist die Schutzkleidung. Der T\u00fcV schreibt vor:<\/p>\n<ul>\n<li>Kn\u00f6chelhohe Schuhe<\/li>\n<li>Handschuhe<\/li>\n<li>Integralhelm<\/li>\n<li>Schutzjacke mit R\u00fcckenprotektor<\/li>\n<li>Schutzhose mit Protektoren.<\/li>\n<\/ul>\n<p>Diese Kleidungsst\u00fccke sollte sich jeder Sch\u00fcler aus eigenem Interesse selber zulegen. Wir haben Leihbekleidung die wir zur Verf\u00fcgung stellen k\u00f6nnen, aber die Kleidung passt nicht immer optimal, da wir nicht alle Gr\u00f6\u00dfen vorr\u00e4tig haben.<\/p>\n<\/div><\/section><\/div>\n<div  style='height:30px' class='hr hr-invisible   avia-builder-el-2  el_after_av_one_full  el_before_av_textblock '><span class='hr-inner ' ><span class='hr-inner-style'><\/span><\/span><\/div>\n<section class=\"av_textblock_section \"  itemscope=\"itemscope\" itemtype=\"https:\/\/schema.org\/CreativeWork\" ><div class='avia_textblock  '   itemprop=\"text\" ><div class=\"page\" title=\"Page 1\">\n<div class=\"section\">\n<div class=\"layoutArea\">\n<div class=\"column\">\n<p style=\"text-align: center;\"><strong>Die Anforderungen an die Motorradbekleidung in Ausbildung und Pr\u00fcfung: PDF Download<\/strong><\/p>\n<\/div>\n<\/div>\n<\/div>\n<\/div>\n<\/div><\/section>\n<div  class='avia-button-wrap avia-button-center  avia-builder-el-4  el_after_av_textblock  avia-builder-el-last ' ><a href='http:\/\/fahrschule-kdl.com\/wp-content\/uploads\/2020\/09\/Motorradbekleidung.pdf'  class='avia-button  avia-color-theme-color   avia-icon_select-no avia-size-x-large avia-position-center '  target=\"_blank\"  rel=\"noopener noreferrer\"  ><span class='avia_iconbox_title' >Motorradbekleidung<\/span><\/a><\/div>\n","protected":false},"excerpt":{"rendered":"","protected":false},"author":1,"featured_media":0,"parent":178,"menu_order":16,"comment_status":"closed","ping_status":"closed","template":"","meta":{"_themeisle_gutenberg_block_has_review":false,"footnotes":""},"class_list":["post-334","page","type-page","status-publish","hentry"],"_links":{"self":[{"href":"http:\/\/fahrschule-kdl.com\/index.php?rest_route=\/wp\/v2\/pages\/334","targetHints":{"allow":["GET"]}}],"collection":[{"href":"http:\/\/fahrschule-kdl.com\/index.php?rest_route=\/wp\/v2\/pages"}],"about":[{"href":"http:\/\/fahrschule-kdl.com\/index.php?rest_route=\/wp\/v2\/types\/page"}],"author":[{"embeddable":true,"href":"http:\/\/fahrschule-kdl.com\/index.php?rest_route=\/wp\/v2\/users\/1"}],"replies":[{"embeddable":true,"href":"http:\/\/fahrschule-kdl.com\/index.php?rest_route=%2Fwp%2Fv2%2Fcomments&post=334"}],"version-history":[{"count":4,"href":"http:\/\/fahrschule-kdl.com\/index.php?rest_route=\/wp\/v2\/pages\/334\/revisions"}],"predecessor-version":[{"id":340,"href":"http:\/\/fahrschule-kdl.com\/index.php?rest_route=\/wp\/v2\/pages\/334\/revisions\/340"}],"up":[{"embeddable":true,"href":"http:\/\/fahrschule-kdl.com\/index.php?rest_route=\/wp\/v2\/pages\/178"}],"wp:attachment":[{"href":"http:\/\/fahrschule-kdl.com\/index.php?rest_route=%2Fwp%2Fv2%2Fmedia&parent=334"}],"curies":[{"name":"wp","href":"https:\/\/api.w.org\/{rel}","templated":true}]}}