{"id":442,"date":"2022-04-28T14:43:23","date_gmt":"2022-04-28T14:43:23","guid":{"rendered":"http:\/\/fahrschule-kdl.com\/?page_id=442"},"modified":"2022-04-28T14:46:57","modified_gmt":"2022-04-28T14:46:57","slug":"test-2","status":"publish","type":"page","link":"http:\/\/fahrschule-kdl.com\/?page_id=442","title":{"rendered":"Leitbild"},"content":{"rendered":"<div class=\"flex_column av_one_full  flex_column_div av-zero-column-padding first  avia-builder-el-0  avia-builder-el-no-sibling  \" style='border-radius:0px; '><section class=\"av_textblock_section \"  itemscope=\"itemscope\" itemtype=\"https:\/\/schema.org\/CreativeWork\" ><div class='avia_textblock  '   itemprop=\"text\" ><div>\n<p>Ziel unserer Ausbildung ist die Bef\u00e4higung der Teilnehmer an unseren Ma\u00dfnahmen zu sicheren, ver-antwortungsvollen und umweltbewussten Verkehrsteilnehmern.<\/p>\n<p>Dabei ist das folgende Verkehrsverhalten unserer Kunden Ziel unserer Ausbildung:<br \/>\n\u2022 F\u00e4higkeiten und Fertigkeiten, um ein Fahrzeug auch in schwierigen Verkehrssituationen zu beherrschen,<br \/>\n\u2022 Kenntnis, Verst\u00e4ndnis und Anwendung der Verkehrsvorschriften,<br \/>\n\u2022 F\u00e4higkeiten und Fertigkeiten zur Wahrnehmung und Kontrolle von Gefahren einschlie\u00dflich ihrer Vermeidung und Abwehr,<br \/>\n\u2022 Wissen \u00fcber die Auswirkung von Fahrfehlern und eine realistische Selbsteinsch\u00e4tzung,<br \/>\n\u2022 Bereitschaft und F\u00e4higkeit zum r\u00fccksichtsvollen und partnerschaftlichen Verhalten und das Bewusstsein f\u00fcr die Bedeutung von Emotionen beim Fahren und<br \/>\n\u2022 Verantwortung f\u00fcr Leben und Gesundheit, Umwelt und Eigentum<\/p>\n<p><strong>Unsere Grunds\u00e4tze<\/strong><\/p>\n<p><strong>Personal<\/strong><br \/>\nWir setzen qualifiziertes hauptberufliches Personal in Leitung, Unterricht und Verwaltung ein. F\u00fcr das Personal wird eine laufende fachliche und p\u00e4dagogische Fortbildung durchgef\u00fchrt. Unsere Mitarbeiter repr\u00e4sentieren unser Unternehmen durch ihr pers\u00f6nliches Auftreten und ihr Verhalten gegen\u00fcber Kunden, unter denen wir neben den Teilnehmern an unseren Weiterbildungen selbstverst\u00e4ndlich auch die Kostentr\u00e4ger, wie die Agentur(en) f\u00fcr Arbeit oder die Jobcenter sehen, und anderen Kontaktpersonen positiv in der \u00d6ffentlichkeit.<\/p>\n<p><strong>R\u00e4umliche und s\u00e4chliche Ausstellung<\/strong><br \/>\nDie Lernr\u00e4ume (Unterrichtsr\u00e4ume) entsprechen nach Art und Ausstattung modernen erwachsenen- p\u00e4dagogischen und fachlichen Kriterien und sind den Zielgruppen angepasst. Die genutzten Lern- und Sozialr\u00e4ume und die sanit\u00e4ren Einrichtungen entsprechen den Anforderungen des Fahrlehrergesetzes und der Fahrsch\u00fcler-Ausbildungsordnung.<\/p>\n<p><strong>Bildungsangebot<\/strong><br \/>\nPotenzielle Lehrgangsteilnehmer erhalten von uns eindeutige Aussagen zur geforderten Eingangsqualifikation bzw. den Lernvoraussetzungen. Sie werden von uns pers\u00f6nlich beraten, um ein teilnehmerorientiertes und sachgerechtes Lernen zu erm\u00f6glichen. Bei Angeboten der beruflichen Weiterbildung werden aktuelle Arbeitsmarkt- und berufliche Qualifikationsanforderungen ber\u00fccksichtigt sowie Praxisorientierung gew\u00e4hrleistet.<br \/>\nDas Lehr- und Lernmaterial entspricht den fachdidaktischen Anforderungen und Standards. Allen Angeboten liegt ein didaktisch-methodisches Konzept zugrunde. Die Veranstaltungen sind auf Methoden-vielfalt ausgerichtet. Erwachsenengerechte Lern- und Erfolgskontrollen sichern den Unterrichtserfolg. Bei der Entwicklung unserer Bildungsangebote nach dem Dritten Buch Sozialgesetzbuch (SGB III) ber\u00fccksichtigen wir die Lage und die Entwicklung des Arbeitsmarktes und unterst\u00fctzen die Teilnehmer und Teilnehmerinnen bei der Eingliederung in den regul\u00e4ren Arbeitsmarkt.<\/p>\n<\/div>\n<\/div><\/section><\/div>\n","protected":false},"excerpt":{"rendered":"","protected":false},"author":1,"featured_media":0,"parent":178,"menu_order":18,"comment_status":"closed","ping_status":"closed","template":"","meta":{"_themeisle_gutenberg_block_has_review":false,"footnotes":""},"class_list":["post-442","page","type-page","status-publish","hentry"],"_links":{"self":[{"href":"http:\/\/fahrschule-kdl.com\/index.php?rest_route=\/wp\/v2\/pages\/442","targetHints":{"allow":["GET"]}}],"collection":[{"href":"http:\/\/fahrschule-kdl.com\/index.php?rest_route=\/wp\/v2\/pages"}],"about":[{"href":"http:\/\/fahrschule-kdl.com\/index.php?rest_route=\/wp\/v2\/types\/page"}],"author":[{"embeddable":true,"href":"http:\/\/fahrschule-kdl.com\/index.php?rest_route=\/wp\/v2\/users\/1"}],"replies":[{"embeddable":true,"href":"http:\/\/fahrschule-kdl.com\/index.php?rest_route=%2Fwp%2Fv2%2Fcomments&post=442"}],"version-history":[{"count":3,"href":"http:\/\/fahrschule-kdl.com\/index.php?rest_route=\/wp\/v2\/pages\/442\/revisions"}],"predecessor-version":[{"id":446,"href":"http:\/\/fahrschule-kdl.com\/index.php?rest_route=\/wp\/v2\/pages\/442\/revisions\/446"}],"up":[{"embeddable":true,"href":"http:\/\/fahrschule-kdl.com\/index.php?rest_route=\/wp\/v2\/pages\/178"}],"wp:attachment":[{"href":"http:\/\/fahrschule-kdl.com\/index.php?rest_route=%2Fwp%2Fv2%2Fmedia&parent=442"}],"curies":[{"name":"wp","href":"https:\/\/api.w.org\/{rel}","templated":true}]}}